{"id":907,"date":"2017-10-24T07:59:07","date_gmt":"2017-10-24T11:59:07","guid":{"rendered":"https:\/\/touva.net\/?page_id=907"},"modified":"2018-09-15T11:34:08","modified_gmt":"2018-09-15T15:34:08","slug":"accueil","status":"publish","type":"page","link":"https:\/\/touva.net\/fr\/","title":{"rendered":"Accueil"},"content":{"rendered":"<p style=\"text-align: center;\">Le collectif TouVA est un trio en art performance fond\u00e9 par\u00a0Sylvie\u00a0<strong>Tou<\/strong>rangeau,\u00a0<strong>V<\/strong>ictoria Stanton et\u00a0<strong>A<\/strong>nne\u00a0B\u00e9rub\u00e9. Ce groupe d&rsquo;\u00e9tude sur les modes du performatif multiplie les occasions de recherche en privil\u00e9giant plusieurs approches \u00e0 la fois. D\u00e9couvrez nos\u00a0<a href=\"http:\/\/touva.net\/performances\/\">performances relationelles et in situ<\/a>, nos <a href=\"http:\/\/touva.net\/artist-talks\/\">conferences performatives<\/a>,\u00a0ainsi que nos\u00a0<a href=\"http:\/\/touva.net\/workshops\/\">laboratoires d&rsquo;exp\u00e9rimentation et d&rsquo;\u00e9changes dynamiques<\/a>.<\/p>\n<h3>Publi\u00e9 r\u00e9cemment\u00a0:<\/h3>\n<p><em><a href=\"https:\/\/touva.net\/publications\/\"><img data-recalc-dims=\"1\" loading=\"lazy\" decoding=\"async\" class=\"alignleft wp-image-321 \" src=\"https:\/\/i0.wp.com\/touva.net\/wp-content\/uploads\/2017\/10\/couverture.jpeg?resize=449%2C573&#038;ssl=1\" alt=\"Couverture - 7e sens\" width=\"449\" height=\"573\" \/><\/a><strong>Le 7<sup>e<\/sup>\u00a0Sens\u00a0:<br \/>\nPratiquer les dialogues \/ pratiquer les workshops \/ pratiquer le performatif au jour le jour \/ pratiquer l\u2019art performance<\/strong><\/em><\/p>\n<p>Constitu\u00e9 d\u2019essais, d\u2019un lexique, de t\u00e9moignages d\u2019une trentaine d\u2019artistes contemporains en art performance, <em>Le 7<sup>e<\/sup> Sens<\/em> pense le performatif dans, avec et par le langage. Il explore le vocabulaire pour nommer, pour dire ce qui se passe avant, pendant, apr\u00e8s une action performative, pour parler de ce que vivent celles et ceux qui proposent l\u2019\u0153uvre, comme ceux et celles qui la re\u00e7oivent.<\/p>\n<p>Le collectif TouVA pr\u00e9sente une r\u00e9flexion qui s\u2019est d\u00e9velopp\u00e9e et qui est \u00e0 comprendre en interaction avec ses \u0153uvres, avec les workshops auxquels ont assist\u00e9 Sylvie <strong>Tou<\/strong>rangeau, <strong>V<\/strong>ictoria Stanton et <strong>A<\/strong>nne B\u00e9rub\u00e9 ou qu\u2019elles ont facilit\u00e9. Trois voix praticiennes offrent ici des perspectives chorales, plurielles et singuli\u00e8res, pour envisager le performatif comme art ou comme mode de vie; elles balisent une esp\u00e8ce de chemin, pour mieux voir ou faire \u00e9merger une sensitivit\u00e9 accrue \u00e0 ce performatif vivant et fugace\u00a0: un\u00a0<em>7<sup>e<\/sup>\u00a0Sens<\/em>. D\u00e9couvrez davantage sur cet\u00a0<a href=\"https:\/\/touva.net\/publications\/\">ouvrage en art performance<\/a>.<\/p>\n<p><a class=\"btn\" href=\"https:\/\/touva.net\/publications\/#buy\">Achetez le livre<\/a><\/p>\n<h2>Points de vente<\/h2>\n<p><strong>L&rsquo;Eugu\u00e9lionne<\/strong>, librairie f\u00e9ministe<br \/>\n1426, rue Beaudry<br \/>\nMontr\u00e9al, Qu\u00e9bec<br \/>\nT\u00e9l.\u00a0: 514-522-4949<br \/>\n<a href=\"http:\/\/librairieleuguelionne.com\/\" target=\"_blank\" rel=\"noopener\">www.librairieleuguelionne.com<\/a><\/p>\n<p><strong>Librairie Zone Libre<\/strong><br \/>\n262 Ste-Catherine Est<br \/>\nMontr\u00e9al, Qu\u00e9bec<br \/>\nT\u00e9l. :\u00a0514-844-3090<br \/>\n<a href=\"http:\/\/www.zonelibre.ca\/\" target=\"_blank\" rel=\"noopener\">www.zonelibre.ca<\/a><\/p>\n<p><strong>Librairie Le port de t\u00eate<\/strong><br \/>\n262 et 269 avenue du Mont-Royal Est<br \/>\nMontr\u00e9al, Qu\u00e9bec<br \/>\nT\u00e9l. :\u00a0514-678-9566<br \/>\n<a href=\"https:\/\/www.leportdetete.com\/\" target=\"_blank\" rel=\"noopener\">www.leportdetete.com<\/a><\/p>\n<p><strong>Librairie Jasmin (Coop UQAM)<br \/>\n<\/strong>Local J-M205, Pavillon Judith-Jasmin<br \/>\n405, rue Sainte-Catherine Est<br \/>\nMontr\u00e9al, Qu\u00e9bec<br \/>\n514 987-3000, poste 6377<strong><br \/>\n<\/strong><a href=\"mailto:librairiejasmin@coopuqam.com\" target=\"_blank\" rel=\"noopener\">librairiejasmin@coopuqam.com<\/a><\/p>\n<p><strong>Drawn and Quarterly<\/strong><br \/>\n211 rue Bernard O.<br \/>\nMontr\u00e9al, Qu\u00e9bec<br \/>\nTel. :\u00a0514-279-2224<br \/>\n<a href=\"https:\/\/www.drawnandquarterly.com\/\" target=\"_blank\" rel=\"noopener\">www.drawnandquarterly.com<\/a><\/p>\n<p><strong>Librairie du Square<\/strong><br \/>\n3453 Rue Saint-Denis, Montr\u00e9al<br \/>\nMontr\u00e9al, Qu\u00e9bec<br \/>\nT\u00e9l. :\u00a0514-845-7617<\/p>\n<p><strong>Monastiraki<\/strong><br \/>\n5478, boul. Saint-Laurent<br \/>\nMontreal, Quebec<br \/>\nTel. 514-278-4879<br \/>\n<a href=\"http:\/\/monastiraki.blogspot.ca\" target=\"_blank\" rel=\"noopener\">http:\/\/monastiraki.blogspot.ca<\/a><\/p>\n<p><strong>Caravans\u00e9rail<\/strong><br \/>\n274 Ave Michaud<br \/>\nRimouski, Qu\u00e9bec<br \/>\nT\u00e9l. :\u00a0418-722-0846<br \/>\n<a href=\"http:\/\/www.caravanserail.org\/\" target=\"_blank\" rel=\"noopener\">www.caravans\u00e9rail.org<\/a><\/p>\n<p><strong>Inter Le Lieu<\/strong><br \/>\n345, rue du Pont<br \/>\nQu\u00e9bec, Qu\u00e9bec<br \/>\nT\u00e9l. :\u00a0418-529-9680<br \/>\n<a href=\"https:\/\/inter-lelieu.org\/\" target=\"_blank\" rel=\"noopener\">www.inter-lelieu.org<\/a><\/p>\n<p><strong>Mus\u00e9e R\u00e9gional de la C\u00f4te-Nord<\/strong><br \/>\n500, boul. Laure<br \/>\nSept-\u00celes, Qu\u00e9bec<br \/>\nT\u00e9l. :\u00a0418-968-2070<br \/>\n<a href=\"http:\/\/www.museeregionalcotenord.ca\/\" target=\"_blank\" rel=\"noopener\">www.museeregionalcotenord.ca<\/a><\/p>\n<h2><\/h2>\n<h2>Dates et lieux des lancements<\/h2>\n<p><!--<strong>Montr\u00e9al<\/strong>\n<em>3 octobre 2017<\/em>\nArtexte, 2 Sainte Catherine St. E, espace 301\n\n\n<ul>\n \t\n\n<li>18h \u00e0 20h&nbsp;: Double lancement avec More Caught in the Act<\/li>\n\n\n<\/ul>\n\n\ndans le cadre du festival VIVA! Art action\n<a href=\"http:\/\/vivamontreal.org\/2017\/projects\/?lang=fr\">http:\/\/vivamontreal.org\/2017\/projects\/?lang=fr<\/a>\n\n&nbsp;\n\n<strong>Calgary<\/strong>\n<em>14 octobre 2017<\/em>\nUntitled Arts Society,\u00a0343 - 11th Avenue, SW\n\n\n<ul>\n \t\n\n<li>15h \u00e0 17h&nbsp;: D\u00e9ambulation performative avec les participants du workshop intensive en art performance, Pratiquer un art performatif, relationnel et infiltrant II (dans le cadre des Public Art 101 Sessions avec la Ville de Calgary)<\/li>\n\n\n \t\n\n<li>19h \u00e0 21h&nbsp;: Lancement, pr\u00e9sentation et s\u00e9ance de d\u00e9dicaces (en pr\u00e9sence de l\u2019\u00e9diteur M:ST)<\/li>\n\n\n<\/ul>\n\n\n<a href=\"http:\/\/www.uascalgary.org\/\">http:\/\/www.uascalgary.org\/<\/a> --><\/p>\n<p><strong>Toronto<br \/>\n<\/strong><em>4 octobre 2018<\/em><strong><br \/>\n<\/strong><a href=\"http:\/\/theatrecentre.org\/\" target=\"_blank\" rel=\"noopener\">The Theatre Centre<\/a>, 1115 Queen St. West, Toronto<strong><br \/>\n<\/strong><\/p>\n<p><strong>Sherbrooke<\/strong><br \/>\n<em>8 mars 2018<\/em><br \/>\n<a href=\"http:\/\/www.salleduparvis.com\/\" target=\"_blank\" rel=\"noopener\">Le Parvis<\/a>, 987 Rue du Conseil, Sherbrooke<\/p>\n<p><strong>Qu\u00e9bec<\/strong><br \/>\n<em>17 janvier 2018<\/em><br \/>\n<a href=\"https:\/\/inter-lelieu.org\/\" target=\"_blank\" rel=\"noopener\">Le Lieu<\/a>, 345 Rue du Pont<\/p>\n<p><strong>Montr\u00e9al<\/strong><br \/>\n<em>8 et 10 d\u00e9cembre 2017<\/em><br \/>\n<a href=\"http:\/\/skol.ca\/\" target=\"_blank\" rel=\"noopener\">Skol<\/a>, 372 Sainte-Catherine St. O, espace 314<\/p>\n<p><strong>Sept-\u00celes<\/strong><br \/>\n<em>10 novembre 2017<\/em><br \/>\n<a href=\"http:\/\/museeregionalcotenord.ca\/mrcn\/\" target=\"_blank\" rel=\"noopener\">Mus\u00e9e r\u00e9gional de la C\u00f4te-Nord<\/a>, 500, boulevard Laure<\/p>\n<p><strong>Carleton, Gasp\u00e9<\/strong><br \/>\n<em>16 novembre 2017<\/em><br \/>\n<a href=\"http:\/\/vasteetvague.ca\/\" target=\"_blank\" rel=\"noopener\">Centre Vaste et Vague<\/a>, 774, boulevard Perron<\/p>\n<p><strong>Calgary<br \/>\n<\/strong><em>14 octobre 2017<br \/>\n<\/em><a href=\"http:\/\/www.uascalgary.org\/\" target=\"_blank\" rel=\"noopener\">Untitled Art Society<\/a>, 343 11th Ave SW<\/p>\n<p><strong>Montr\u00e9al<\/strong><br \/>\n<em>3 octobre 2017<\/em><br \/>\n<a href=\"https:\/\/www.artexte.ca\/\" target=\"_blank\" rel=\"noopener\">Artexte<\/a>,\u00a02 Rue Sainte-Catherine Est<\/p>\n<p><em>\u2026suivez-nous dans les prochaines mois; les nouvelles dates s\u2019ajouteront sous peu\u2026<\/em><\/p>\n<hr \/>\n<div data-carousel-extra='{&quot;blog_id&quot;:1,&quot;permalink&quot;:&quot;https:\/\/touva.net\/fr\/&quot;}' id='gallery-1' class='gallery galleryid-907 gallery-columns-2 gallery-size-full'><figure class='gallery-item'>\n\t\t\t<div class='gallery-icon landscape'>\n\t\t\t\t<img loading=\"lazy\" decoding=\"async\" width=\"157\" height=\"64\" src=\"https:\/\/i0.wp.com\/touva.net\/wp-content\/uploads\/2017\/09\/CALQ-logo.jpg?fit=157%2C64&amp;ssl=1\" class=\"attachment-full size-full\" alt=\"\" data-attachment-id=\"911\" data-permalink=\"https:\/\/touva.net\/fr\/accueil\/calq-logo\/\" data-orig-file=\"https:\/\/i0.wp.com\/touva.net\/wp-content\/uploads\/2017\/09\/CALQ-logo.jpg?fit=157%2C64&amp;ssl=1\" data-orig-size=\"157,64\" data-comments-opened=\"1\" data-image-meta=\"{&quot;aperture&quot;:&quot;0&quot;,&quot;credit&quot;:&quot;&quot;,&quot;camera&quot;:&quot;&quot;,&quot;caption&quot;:&quot;&quot;,&quot;created_timestamp&quot;:&quot;0&quot;,&quot;copyright&quot;:&quot;&quot;,&quot;focal_length&quot;:&quot;0&quot;,&quot;iso&quot;:&quot;0&quot;,&quot;shutter_speed&quot;:&quot;0&quot;,&quot;title&quot;:&quot;&quot;,&quot;orientation&quot;:&quot;0&quot;}\" data-image-title=\"CALQ\" data-image-description=\"\" data-image-caption=\"\" data-large-file=\"https:\/\/i0.wp.com\/touva.net\/wp-content\/uploads\/2017\/09\/CALQ-logo.jpg?fit=157%2C64&amp;ssl=1\" \/>\n\t\t\t<\/div><\/figure><figure class='gallery-item'>\n\t\t\t<div class='gallery-icon landscape'>\n\t\t\t\t<img loading=\"lazy\" decoding=\"async\" width=\"350\" height=\"64\" src=\"https:\/\/i0.wp.com\/touva.net\/wp-content\/uploads\/2017\/09\/CCFA-logo.jpg?fit=350%2C64&amp;ssl=1\" class=\"attachment-full size-full\" alt=\"\" srcset=\"https:\/\/i0.wp.com\/touva.net\/wp-content\/uploads\/2017\/09\/CCFA-logo.jpg?w=350&amp;ssl=1 350w, https:\/\/i0.wp.com\/touva.net\/wp-content\/uploads\/2017\/09\/CCFA-logo.jpg?resize=300%2C55&amp;ssl=1 300w\" sizes=\"auto, (max-width: 350px) 100vw, 350px\" data-attachment-id=\"912\" data-permalink=\"https:\/\/touva.net\/fr\/accueil\/ccfa-logo\/\" data-orig-file=\"https:\/\/i0.wp.com\/touva.net\/wp-content\/uploads\/2017\/09\/CCFA-logo.jpg?fit=350%2C64&amp;ssl=1\" data-orig-size=\"350,64\" data-comments-opened=\"1\" data-image-meta=\"{&quot;aperture&quot;:&quot;0&quot;,&quot;credit&quot;:&quot;&quot;,&quot;camera&quot;:&quot;&quot;,&quot;caption&quot;:&quot;&quot;,&quot;created_timestamp&quot;:&quot;0&quot;,&quot;copyright&quot;:&quot;&quot;,&quot;focal_length&quot;:&quot;0&quot;,&quot;iso&quot;:&quot;0&quot;,&quot;shutter_speed&quot;:&quot;0&quot;,&quot;title&quot;:&quot;&quot;,&quot;orientation&quot;:&quot;0&quot;}\" data-image-title=\"CCFA\" data-image-description=\"\" data-image-caption=\"\" data-large-file=\"https:\/\/i0.wp.com\/touva.net\/wp-content\/uploads\/2017\/09\/CCFA-logo.jpg?fit=350%2C64&amp;ssl=1\" \/>\n\t\t\t<\/div><\/figure>\n\t\t<\/div>\n\n","protected":false},"excerpt":{"rendered":"<p>Le collectif TouVA est un trio en art performance fond\u00e9 par\u00a0Sylvie\u00a0Tourangeau,\u00a0Victoria Stanton et\u00a0Anne\u00a0B\u00e9rub\u00e9. Ce groupe d&rsquo;\u00e9tude sur les modes du performatif multiplie les occasions de recherche en privil\u00e9giant plusieurs approches \u00e0 la fois. D\u00e9couvrez nos\u00a0performances relationelles et in situ, nos conferences performatives,\u00a0ainsi que nos\u00a0laboratoires d&rsquo;exp\u00e9rimentation et d&rsquo;\u00e9changes dynamiques. Publi\u00e9 r\u00e9cemment\u00a0: Le 7e\u00a0Sens\u00a0: Pratiquer les dialogues &hellip; <a href=\"https:\/\/touva.net\/fr\/\" class=\"more-link\">Lire la suite <span class=\"screen-reader-text\">Accueil<\/span><\/a><\/p>\n","protected":false},"author":2,"featured_media":910,"parent":0,"menu_order":0,"comment_status":"closed","ping_status":"closed","template":"","meta":{"footnotes":""},"class_list":["post-907","page","type-page","status-publish","has-post-thumbnail","hentry"],"yoast_head":"<!-- This site is optimized with the Yoast SEO plugin v27.5 - https:\/\/yoast.com\/product\/yoast-seo-wordpress\/ -->\n<title>Accueil - TouVA<\/title>\n<meta name=\"robots\" content=\"index, follow, max-snippet:-1, max-image-preview:large, max-video-preview:-1\" \/>\n<link rel=\"canonical\" href=\"https:\/\/touva.net\/fr\/\" \/>\n<meta property=\"og:locale\" content=\"fr_FR\" \/>\n<meta property=\"og:type\" content=\"article\" \/>\n<meta property=\"og:title\" content=\"Accueil - TouVA\" \/>\n<meta property=\"og:description\" content=\"Le collectif TouVA est un trio en art performance fond\u00e9 par\u00a0Sylvie\u00a0Tourangeau,\u00a0Victoria Stanton et\u00a0Anne\u00a0B\u00e9rub\u00e9. Ce groupe d&rsquo;\u00e9tude sur les modes du performatif multiplie les occasions de recherche en privil\u00e9giant plusieurs approches \u00e0 la fois. D\u00e9couvrez nos\u00a0performances relationelles et in situ, nos conferences performatives,\u00a0ainsi que nos\u00a0laboratoires d&rsquo;exp\u00e9rimentation et d&rsquo;\u00e9changes dynamiques. Publi\u00e9 r\u00e9cemment\u00a0: Le 7e\u00a0Sens\u00a0: Pratiquer les dialogues &hellip; Lire la suite Accueil\" \/>\n<meta property=\"og:url\" content=\"https:\/\/touva.net\/fr\/\" \/>\n<meta property=\"og:site_name\" content=\"TouVA\" \/>\n<meta property=\"article:publisher\" content=\"https:\/\/www.facebook.com\/collectifTouVA\/\" \/>\n<meta property=\"article:modified_time\" content=\"2018-09-15T15:34:08+00:00\" \/>\n<meta property=\"og:image\" content=\"https:\/\/i1.wp.com\/touva.net\/wp-content\/uploads\/2017\/09\/home-cropped.jpg?fit=1280%2C350&ssl=1\" \/>\n\t<meta property=\"og:image:width\" content=\"1280\" \/>\n\t<meta property=\"og:image:height\" content=\"350\" \/>\n\t<meta property=\"og:image:type\" content=\"image\/jpeg\" \/>\n<meta name=\"twitter:card\" content=\"summary_large_image\" \/>\n<meta name=\"twitter:label1\" content=\"Dur\u00e9e de lecture estim\u00e9e\" \/>\n\t<meta name=\"twitter:data1\" content=\"3 minutes\" \/>\n<script type=\"application\/ld+json\" class=\"yoast-schema-graph\">{\"@context\":\"https:\\\/\\\/schema.org\",\"@graph\":[{\"@type\":\"WebPage\",\"@id\":\"https:\\\/\\\/touva.net\\\/fr\\\/\",\"url\":\"https:\\\/\\\/touva.net\\\/fr\\\/\",\"name\":\"Accueil - TouVA\",\"isPartOf\":{\"@id\":\"https:\\\/\\\/touva.net\\\/#website\"},\"primaryImageOfPage\":{\"@id\":\"https:\\\/\\\/touva.net\\\/fr\\\/#primaryimage\"},\"image\":{\"@id\":\"https:\\\/\\\/touva.net\\\/fr\\\/#primaryimage\"},\"thumbnailUrl\":\"https:\\\/\\\/i0.wp.com\\\/touva.net\\\/wp-content\\\/uploads\\\/2017\\\/09\\\/home-cropped.jpg?fit=1280%2C350&ssl=1\",\"datePublished\":\"2017-10-24T11:59:07+00:00\",\"dateModified\":\"2018-09-15T15:34:08+00:00\",\"breadcrumb\":{\"@id\":\"https:\\\/\\\/touva.net\\\/fr\\\/#breadcrumb\"},\"inLanguage\":\"fr-FR\",\"potentialAction\":[{\"@type\":\"ReadAction\",\"target\":[\"https:\\\/\\\/touva.net\\\/fr\\\/\"]}]},{\"@type\":\"ImageObject\",\"inLanguage\":\"fr-FR\",\"@id\":\"https:\\\/\\\/touva.net\\\/fr\\\/#primaryimage\",\"url\":\"https:\\\/\\\/i0.wp.com\\\/touva.net\\\/wp-content\\\/uploads\\\/2017\\\/09\\\/home-cropped.jpg?fit=1280%2C350&ssl=1\",\"contentUrl\":\"https:\\\/\\\/i0.wp.com\\\/touva.net\\\/wp-content\\\/uploads\\\/2017\\\/09\\\/home-cropped.jpg?fit=1280%2C350&ssl=1\",\"width\":1280,\"height\":350},{\"@type\":\"BreadcrumbList\",\"@id\":\"https:\\\/\\\/touva.net\\\/fr\\\/#breadcrumb\",\"itemListElement\":[{\"@type\":\"ListItem\",\"position\":1,\"name\":\"Home\",\"item\":\"https:\\\/\\\/touva.net\\\/fr\\\/\"},{\"@type\":\"ListItem\",\"position\":2,\"name\":\"Accueil\"}]},{\"@type\":\"WebSite\",\"@id\":\"https:\\\/\\\/touva.net\\\/#website\",\"url\":\"https:\\\/\\\/touva.net\\\/\",\"name\":\"TouVA\",\"description\":\"Collectif de recherche en art performance\",\"potentialAction\":[{\"@type\":\"SearchAction\",\"target\":{\"@type\":\"EntryPoint\",\"urlTemplate\":\"https:\\\/\\\/touva.net\\\/?s={search_term_string}\"},\"query-input\":{\"@type\":\"PropertyValueSpecification\",\"valueRequired\":true,\"valueName\":\"search_term_string\"}}],\"inLanguage\":\"fr-FR\"}]}<\/script>\n<!-- \/ Yoast SEO plugin. -->","yoast_head_json":{"title":"Accueil - TouVA","robots":{"index":"index","follow":"follow","max-snippet":"max-snippet:-1","max-image-preview":"max-image-preview:large","max-video-preview":"max-video-preview:-1"},"canonical":"https:\/\/touva.net\/fr\/","og_locale":"fr_FR","og_type":"article","og_title":"Accueil - TouVA","og_description":"Le collectif TouVA est un trio en art performance fond\u00e9 par\u00a0Sylvie\u00a0Tourangeau,\u00a0Victoria Stanton et\u00a0Anne\u00a0B\u00e9rub\u00e9. Ce groupe d&rsquo;\u00e9tude sur les modes du performatif multiplie les occasions de recherche en privil\u00e9giant plusieurs approches \u00e0 la fois. D\u00e9couvrez nos\u00a0performances relationelles et in situ, nos conferences performatives,\u00a0ainsi que nos\u00a0laboratoires d&rsquo;exp\u00e9rimentation et d&rsquo;\u00e9changes dynamiques. Publi\u00e9 r\u00e9cemment\u00a0: Le 7e\u00a0Sens\u00a0: Pratiquer les dialogues &hellip; Lire la suite Accueil","og_url":"https:\/\/touva.net\/fr\/","og_site_name":"TouVA","article_publisher":"https:\/\/www.facebook.com\/collectifTouVA\/","article_modified_time":"2018-09-15T15:34:08+00:00","og_image":[{"width":1280,"height":350,"url":"https:\/\/i1.wp.com\/touva.net\/wp-content\/uploads\/2017\/09\/home-cropped.jpg?fit=1280%2C350&ssl=1","type":"image\/jpeg"}],"twitter_card":"summary_large_image","twitter_misc":{"Dur\u00e9e de lecture estim\u00e9e":"3 minutes"},"schema":{"@context":"https:\/\/schema.org","@graph":[{"@type":"WebPage","@id":"https:\/\/touva.net\/fr\/","url":"https:\/\/touva.net\/fr\/","name":"Accueil - TouVA","isPartOf":{"@id":"https:\/\/touva.net\/#website"},"primaryImageOfPage":{"@id":"https:\/\/touva.net\/fr\/#primaryimage"},"image":{"@id":"https:\/\/touva.net\/fr\/#primaryimage"},"thumbnailUrl":"https:\/\/i0.wp.com\/touva.net\/wp-content\/uploads\/2017\/09\/home-cropped.jpg?fit=1280%2C350&ssl=1","datePublished":"2017-10-24T11:59:07+00:00","dateModified":"2018-09-15T15:34:08+00:00","breadcrumb":{"@id":"https:\/\/touva.net\/fr\/#breadcrumb"},"inLanguage":"fr-FR","potentialAction":[{"@type":"ReadAction","target":["https:\/\/touva.net\/fr\/"]}]},{"@type":"ImageObject","inLanguage":"fr-FR","@id":"https:\/\/touva.net\/fr\/#primaryimage","url":"https:\/\/i0.wp.com\/touva.net\/wp-content\/uploads\/2017\/09\/home-cropped.jpg?fit=1280%2C350&ssl=1","contentUrl":"https:\/\/i0.wp.com\/touva.net\/wp-content\/uploads\/2017\/09\/home-cropped.jpg?fit=1280%2C350&ssl=1","width":1280,"height":350},{"@type":"BreadcrumbList","@id":"https:\/\/touva.net\/fr\/#breadcrumb","itemListElement":[{"@type":"ListItem","position":1,"name":"Home","item":"https:\/\/touva.net\/fr\/"},{"@type":"ListItem","position":2,"name":"Accueil"}]},{"@type":"WebSite","@id":"https:\/\/touva.net\/#website","url":"https:\/\/touva.net\/","name":"TouVA","description":"Collectif de recherche en art performance","potentialAction":[{"@type":"SearchAction","target":{"@type":"EntryPoint","urlTemplate":"https:\/\/touva.net\/?s={search_term_string}"},"query-input":{"@type":"PropertyValueSpecification","valueRequired":true,"valueName":"search_term_string"}}],"inLanguage":"fr-FR"}]}},"jetpack_sharing_enabled":true,"jetpack_shortlink":"https:\/\/wp.me\/P4vtgZ-eD","jetpack_likes_enabled":true,"_links":{"self":[{"href":"https:\/\/touva.net\/fr\/wp-json\/wp\/v2\/pages\/907","targetHints":{"allow":["GET"]}}],"collection":[{"href":"https:\/\/touva.net\/fr\/wp-json\/wp\/v2\/pages"}],"about":[{"href":"https:\/\/touva.net\/fr\/wp-json\/wp\/v2\/types\/page"}],"author":[{"embeddable":true,"href":"https:\/\/touva.net\/fr\/wp-json\/wp\/v2\/users\/2"}],"replies":[{"embeddable":true,"href":"https:\/\/touva.net\/fr\/wp-json\/wp\/v2\/comments?post=907"}],"version-history":[{"count":15,"href":"https:\/\/touva.net\/fr\/wp-json\/wp\/v2\/pages\/907\/revisions"}],"predecessor-version":[{"id":9618,"href":"https:\/\/touva.net\/fr\/wp-json\/wp\/v2\/pages\/907\/revisions\/9618"}],"wp:featuredmedia":[{"embeddable":true,"href":"https:\/\/touva.net\/fr\/wp-json\/wp\/v2\/media\/910"}],"wp:attachment":[{"href":"https:\/\/touva.net\/fr\/wp-json\/wp\/v2\/media?parent=907"}],"curies":[{"name":"wp","href":"https:\/\/api.w.org\/{rel}","templated":true}]}}